{"id":1066,"date":"2013-06-14T14:11:36","date_gmt":"2013-06-14T12:11:36","guid":{"rendered":"http:\/\/woiczik.de\/?page_id=1066"},"modified":"2025-12-23T10:23:23","modified_gmt":"2025-12-23T08:23:23","slug":"presse","status":"publish","type":"page","link":"http:\/\/woiczik.de\/?page_id=1066","title":{"rendered":"Presse"},"content":{"rendered":"<p>Views: 1733<\/p><div id=\"attachment_765\" style=\"width: 310px\" class=\"wp-caption alignleft\"><a href=\"http:\/\/woiczik.de\/wp-content\/uploads\/2012\/12\/IMG0041.jpg\"><img loading=\"lazy\" decoding=\"async\" aria-describedby=\"caption-attachment-765\" class=\"size-medium wp-image-765\" src=\"http:\/\/woiczik.de\/wp-content\/uploads\/2012\/12\/IMG0041-300x200.jpg\" alt=\"\" width=\"300\" height=\"200\" srcset=\"http:\/\/woiczik.de\/wp-content\/uploads\/2012\/12\/IMG0041-300x200.jpg 300w, http:\/\/woiczik.de\/wp-content\/uploads\/2012\/12\/IMG0041-1024x682.jpg 1024w, http:\/\/woiczik.de\/wp-content\/uploads\/2012\/12\/IMG0041-450x300.jpg 450w\" sizes=\"(max-width: 300px) 100vw, 300px\" \/><\/a><p id=\"caption-attachment-765\" class=\"wp-caption-text\">Aktion in einem Spiel gegen Hertha BSC<\/p><\/div>\n<p>Im Laufe meiner aktiven Zeit als Sportler und Journalist h\u00e4uften sich in meinem Arbeitsraum zahlreiche Presseartikel von mir und \u00fcber mich an. Zur Zeit (Stand: Mai 2024) sind es \u00fcber 1300. Einige Interessante werde ich daher in unregelm\u00e4\u00dfigen Abst\u00e4nden hier ver\u00f6ffentlichen. Ich bin seit 2016 Mitglied im Deutschen Fachjournalisten-Verband.<\/p>\n<p><strong>Als Ansprechpartner &amp; Interviewpartner stand ich u.a. nachfolgenden Medienvertretern Rede &amp; Antwort:<\/strong><\/p>\n<p>Berliner Morgenpost, Bild-Zeitung, Leichtathletik.de (Leichtathletik-Magazin, Leichtathletik), Bezirksjournal,\u00a0Fu\u00dfball-Woche, Kicker, dem TV-Sendern RBB (SFB) und den Radiosendern 100,6, Spreeradio 105,5 , German Road Races und\u00a0RBB-Inforadio usw.<\/p>\n<p>&nbsp;<\/p>\n<div id=\"attachment_1068\" style=\"width: 310px\" class=\"wp-caption alignleft\"><a href=\"http:\/\/woiczik.de\/wp-content\/uploads\/2013\/06\/IMG_0004.jpg\"><img loading=\"lazy\" decoding=\"async\" aria-describedby=\"caption-attachment-1068\" class=\"size-medium wp-image-1068\" title=\"IMG_0004\" src=\"http:\/\/woiczik.de\/wp-content\/uploads\/2013\/06\/IMG_0004-300x199.jpg\" alt=\"\" width=\"300\" height=\"199\" srcset=\"http:\/\/woiczik.de\/wp-content\/uploads\/2013\/06\/IMG_0004-300x199.jpg 300w, http:\/\/woiczik.de\/wp-content\/uploads\/2013\/06\/IMG_0004-1024x679.jpg 1024w, http:\/\/woiczik.de\/wp-content\/uploads\/2013\/06\/IMG_0004-451x300.jpg 451w\" sizes=\"(max-width: 300px) 100vw, 300px\" \/><\/a><p id=\"caption-attachment-1068\" class=\"wp-caption-text\">Berliner Morgenpost (2003)<\/p><\/div>\n<p>&nbsp;<\/p>\n<div id=\"attachment_1069\" style=\"width: 288px\" class=\"wp-caption alignleft\"><a href=\"http:\/\/woiczik.de\/wp-content\/uploads\/2013\/06\/IMG_0007.jpg\"><img loading=\"lazy\" decoding=\"async\" aria-describedby=\"caption-attachment-1069\" class=\"size-medium wp-image-1069\" title=\"IMG_0007\" src=\"http:\/\/woiczik.de\/wp-content\/uploads\/2013\/06\/IMG_0007-278x300.jpg\" alt=\"\" width=\"278\" height=\"300\" srcset=\"http:\/\/woiczik.de\/wp-content\/uploads\/2013\/06\/IMG_0007-278x300.jpg 278w, http:\/\/woiczik.de\/wp-content\/uploads\/2013\/06\/IMG_0007-950x1024.jpg 950w\" sizes=\"(max-width: 278px) 100vw, 278px\" \/><\/a><p id=\"caption-attachment-1069\" class=\"wp-caption-text\">Fu\u00dfball-Woche (1997)<\/p><\/div>\n<p>&nbsp;<\/p>\n<p>&nbsp;<\/p>\n<p>&nbsp;<\/p>\n<p>&nbsp;<\/p>\n<p>&nbsp;<\/p>\n<p>&nbsp;<\/p>\n<p>&nbsp;<\/p>\n<p>&nbsp;<\/p>\n<p>&nbsp;<\/p>\n<p>&nbsp;<\/p>\n<p>&nbsp;<\/p>\n<p>&nbsp;<\/p>\n<p>&nbsp;<\/p>\n<p>&nbsp;<\/p>\n<p>&nbsp;<\/p>\n<div id=\"attachment_1074\" style=\"width: 203px\" class=\"wp-caption alignleft\"><a href=\"http:\/\/woiczik.de\/wp-content\/uploads\/2013\/06\/IMG_0003.jpg\"><img loading=\"lazy\" decoding=\"async\" aria-describedby=\"caption-attachment-1074\" class=\"size-medium wp-image-1074\" title=\"IMG_0003\" src=\"http:\/\/woiczik.de\/wp-content\/uploads\/2013\/06\/IMG_0003-193x300.jpg\" alt=\"\" width=\"193\" height=\"300\" srcset=\"http:\/\/woiczik.de\/wp-content\/uploads\/2013\/06\/IMG_0003-193x300.jpg 193w, http:\/\/woiczik.de\/wp-content\/uploads\/2013\/06\/IMG_0003-658x1024.jpg 658w\" sizes=\"(max-width: 193px) 100vw, 193px\" \/><\/a><p id=\"caption-attachment-1074\" class=\"wp-caption-text\">Bezirkszeitung (2000)<\/p><\/div>\n<p>&nbsp;<\/p>\n<p>&nbsp;<\/p>\n<p>&nbsp;<\/p>\n<p>&nbsp;<\/p>\n<p>&nbsp;<\/p>\n<p>&nbsp;<\/p>\n<p>&nbsp;<\/p>\n<p>&nbsp;<\/p>\n<p>&nbsp;<\/p>\n<p>&nbsp;<\/p>\n<p><a href=\"http:\/\/woiczik.de\/wp-content\/uploads\/2013\/06\/IMG_0005.jpg\"><img loading=\"lazy\" decoding=\"async\" class=\"alignleft size-medium wp-image-1071\" title=\"IMG_0005\" src=\"http:\/\/woiczik.de\/wp-content\/uploads\/2013\/06\/IMG_0005-300x230.jpg\" alt=\"\" width=\"300\" height=\"230\" srcset=\"http:\/\/woiczik.de\/wp-content\/uploads\/2013\/06\/IMG_0005-300x230.jpg 300w, http:\/\/woiczik.de\/wp-content\/uploads\/2013\/06\/IMG_0005-1024x787.jpg 1024w, http:\/\/woiczik.de\/wp-content\/uploads\/2013\/06\/IMG_0005-390x300.jpg 390w\" sizes=\"(max-width: 300px) 100vw, 300px\" \/><\/a><\/p>\n<p>&nbsp;<\/p>\n<p>&nbsp;<\/p>\n<p>&nbsp;<\/p>\n<p>&nbsp;<\/p>\n<p>&nbsp;<\/p>\n<p>&nbsp;<\/p>\n<p>&nbsp;<\/p>\n<p>&nbsp;<\/p>\n<p>&nbsp;<\/p>\n<p>&nbsp;<\/p>\n<p><a href=\"http:\/\/woiczik.de\/wp-content\/uploads\/2013\/06\/IMG_0006.jpg\"><img decoding=\"async\" class=\"alignleft size-full wp-image-1073\" title=\"IMG_0006\" src=\"http:\/\/woiczik.de\/wp-content\/uploads\/2013\/06\/IMG_0006.jpg\" alt=\"\" \/><\/a><\/p>\n<p>&nbsp;<\/p>\n<p><strong>Seit 2016 schreibe ich auch f\u00fcr das Laufmagazin &#8222;LaufZeit &amp; Condition&#8220; in unregelm\u00e4\u00dfigen Abst\u00e4nden.<\/strong><\/p>\n<div id=\"attachment_2704\" style=\"width: 222px\" class=\"wp-caption alignleft\"><a href=\"http:\/\/woiczik.de\/wp-content\/uploads\/2013\/06\/img001.jpg\"><img loading=\"lazy\" decoding=\"async\" aria-describedby=\"caption-attachment-2704\" class=\"size-medium wp-image-2704\" title=\"img001\" src=\"http:\/\/woiczik.de\/wp-content\/uploads\/2013\/06\/img001-212x300.jpg\" alt=\"\" width=\"212\" height=\"300\" srcset=\"http:\/\/woiczik.de\/wp-content\/uploads\/2013\/06\/img001-212x300.jpg 212w, http:\/\/woiczik.de\/wp-content\/uploads\/2013\/06\/img001-724x1024.jpg 724w\" sizes=\"(max-width: 212px) 100vw, 212px\" \/><\/a><p id=\"caption-attachment-2704\" class=\"wp-caption-text\">Ausgabe 03\/2016<\/p><\/div>\n<p>&nbsp;<\/p>\n<p>&nbsp;<\/p>\n<p>&nbsp;<\/p>\n<p>&nbsp;<\/p>\n<p>&nbsp;<\/p>\n<p>&nbsp;<\/p>\n<p>&nbsp;<\/p>\n<p>&nbsp;<\/p>\n<p>&nbsp;<\/p>\n<div id=\"attachment_2705\" style=\"width: 222px\" class=\"wp-caption alignleft\"><a href=\"http:\/\/woiczik.de\/wp-content\/uploads\/2013\/06\/img004.jpg\"><img loading=\"lazy\" decoding=\"async\" aria-describedby=\"caption-attachment-2705\" class=\"size-medium wp-image-2705\" title=\"img004\" src=\"http:\/\/woiczik.de\/wp-content\/uploads\/2013\/06\/img004-212x300.jpg\" alt=\"\" width=\"212\" height=\"300\" srcset=\"http:\/\/woiczik.de\/wp-content\/uploads\/2013\/06\/img004-212x300.jpg 212w, http:\/\/woiczik.de\/wp-content\/uploads\/2013\/06\/img004-724x1024.jpg 724w\" sizes=\"(max-width: 212px) 100vw, 212px\" \/><\/a><p id=\"caption-attachment-2705\" class=\"wp-caption-text\">Ausgabe 10\/2016<\/p><\/div>\n<p>&nbsp;<\/p>\n<p>&nbsp;<\/p>\n<p>&nbsp;<\/p>\n<p>&nbsp;<\/p>\n<p>&nbsp;<\/p>\n<p>&nbsp;<\/p>\n<p>&nbsp;<\/p>\n<p>&nbsp;<\/p>\n<p><strong>Und Weitere:<\/strong><\/p>\n<p><a href=\"http:\/\/woiczik.de\/wp-content\/uploads\/2013\/06\/logo-kreiszeitung-syke.png\"><img loading=\"lazy\" decoding=\"async\" class=\"alignleft size-medium wp-image-5640\" src=\"http:\/\/woiczik.de\/wp-content\/uploads\/2013\/06\/logo-kreiszeitung-syke-300x151.png\" alt=\"\" width=\"300\" height=\"151\" srcset=\"http:\/\/woiczik.de\/wp-content\/uploads\/2013\/06\/logo-kreiszeitung-syke-300x151.png 300w, http:\/\/woiczik.de\/wp-content\/uploads\/2013\/06\/logo-kreiszeitung-syke.png 500w\" sizes=\"(max-width: 300px) 100vw, 300px\" \/><\/a><\/p>\n<p>03.07.2019:<\/p>\n<p><a href=\"https:\/\/www.kreiszeitung.de\/lokales\/niedersachsen\/heide-park-soltau-wechselt-besitzer-lego-familie-kirkbi-kauft-merlin-mehr-parks-krz-12760908.html\">Heide Park Soltau wechselt Besitzer: Lego-Familie Kirkbi kauft Merlin mit mehr als 100 Parks (kreiszeitung.de)<\/a><\/p>\n<p>&nbsp;<\/p>\n<p>&#8222;&#8230;..Vorerst werde sich f\u00fcr den Heide Park jedoch nichts \u00e4ndern, sch\u00e4tzt der Berliner Andre Woiczik, Journalist und Betreiber des Freizeitportals\u00a0<a class=\"id-import-Link id-pageApi-Link--externalDomain\" href=\"http:\/\/www.freizeitpark-welt.de\/\" target=\"_blank\" rel=\"nofollow noopener\">www.freizeitpark-welt.de<\/a>\u00a0die Situation ein.\u00a0\u201eVielleicht in ein bis zwei Jahren\u201c, meint Woiczik weiter und verweist auf die Entwicklungen im\u00a0<a class=\"id-import-Link\" href=\"https:\/\/www.kreiszeitung.de\/lokales\/heidekreis\/walsrode-ort54343\/show-bildung-weltvogelpark-walsrode-setzt-bunte-mischung-12318747.html\">Weltvogelpark Walsrode<\/a>\u00a0nach dem j\u00fcngsten Besitzerwechsel&#8220;.<\/p>\n<p>&nbsp;<\/p>\n<p><strong>Der Hertha-Freund<\/strong><\/p>\n<p>Von 1993 bis 2006 erschien &#8222;Der Hertha-Freund&#8220; aus dem Verlag Harald Voss regelm\u00e4\u00dfig auch in den Berliner Kiosken. Ich war dort einige Jahre Redakteur.<\/p>\n<p><a href=\"http:\/\/www.haraldvoss.de\/hf\/index.html\">Der Hertha-Freund Archiv (haraldvoss.de)<\/a><\/p>\n<p><strong>Hier einige Artikel:<\/strong><\/p>\n<p><span style=\"font-family: arial, helvetica, times; font-size: large;\"><b>Schu\u00df &#8211; Tor &#8211; Hurra&#8216; &#8211; Ein Song entsteht !<\/b><\/span><br \/>\n(von Andrej Woiczik, Harald Tragmann)<\/p>\n<p align=\"JUSTIFY\">Der Chor der Hertha-Freunde &#8217;92 im Studio &#8218;Power Play&#8216;<\/p>\n<p align=\"JUSTIFY\">Es war an einem Donnerstag im Februar, als der Vorsitzende Marco Lutz unser Vereinslokal &#8218;State Street&#8216; betrat und Inhaber &#8218;Ellis&#8216; Granitza ihm mitteilte, er m\u00f6chte bitte Stefan Fromman von der BZ anrufen. Neugierig wie er ist, rief er sofort an und erfuhr erstaunliches. Stefan arbeitete gerade an der Produktion eines neuen Hits f\u00fcr die Pokalhelden zusammen mit Mannschaftsarzt Dolla. Der Text steht schon, doch braucht er dringend einen Chor f\u00fcr den Refrain. Also mobilisierte Marco binnen weniger Stunden acht weitere Hertha-Freunde zusammen, um einen Tag sp\u00e4ter das Tonstudio Power-Play in Moabit aufzusuchen. 3 Stunden verbrachten wir dann damit, den Refrain aufzunehmen. Ich glaube wir m\u00fcssen ihn um die 50 mal gesungen haben, um uns immerwieder selbst zu \u00fcbertreffen. Kein Wunder, da\u00df wir ihn nach kurzer Zeit auswendig konnten. 3 Tage sp\u00e4ter erschienen dann die Spieler um ihren Chor dazuzuspielen. 2 Wochen sp\u00e4ter erschien die CD im Handel und wurde schnell ein Renner. Es gibt kaum einen Sender, der diesen Song noch nicht gespielt hat.<\/p>\n<p align=\"JUSTIFY\">\n<p align=\"JUSTIFY\"><span style=\"font-family: arial, helvetica, times; font-size: large;\"><b>Interview mit Theo Gries<\/b><\/span><br \/>\n(von Andrej Woiczik)<\/p>\n<table border=\"0\" width=\"100%\" cellspacing=\"3\" cellpadding=\"3\">\n<tbody>\n<tr>\n<td valign=\"top\" bgcolor=\"#E0F0FF\">Name:<\/td>\n<td valign=\"top\" bgcolor=\"#E0F0FF\">Theo Gries<\/td>\n<\/tr>\n<tr>\n<td valign=\"top\" bgcolor=\"#E0F0FF\">Geb. am:<\/td>\n<td valign=\"top\" bgcolor=\"#E0F0FF\">10.2.1961<\/td>\n<\/tr>\n<tr>\n<td valign=\"top\" bgcolor=\"#E0F0FF\">Gr\u00f6\u00dfe:<\/td>\n<td valign=\"top\" bgcolor=\"#E0F0FF\">1,83m<\/td>\n<\/tr>\n<tr>\n<td valign=\"top\" bgcolor=\"#E0F0FF\">Gewicht:<\/td>\n<td valign=\"top\" bgcolor=\"#E0F0FF\">71kg<\/td>\n<\/tr>\n<tr>\n<td valign=\"top\" bgcolor=\"#E0F0FF\">Hobbies<\/td>\n<td valign=\"top\" bgcolor=\"#E0F0FF\">Familie,Musik<\/td>\n<\/tr>\n<\/tbody>\n<\/table>\n<p align=\"JUSTIFY\">Andrej Woiczik f\u00fchrte am 9.4.93 dieses Interview mit dem zur Zeit besten Torj\u00e4ger in der 2.Liga, der seit 1988 Herthaner ist und davor bei Alemannia Aachen spielte.<\/p>\n<p align=\"JUSTIFY\">Was war bisher Deine gr\u00f6\u00dfte Entt\u00e4uschung als Sportler ?<\/p>\n<p align=\"JUSTIFY\">Der Bundesligaabstieg 1991, das ganze Jahr war eine Katastrophe.<\/p>\n<p align=\"JUSTIFY\">Was war bisher Dein gr\u00f6\u00dfter Erfolg als Sportler ?<\/p>\n<p align=\"JUSTIFY\">Der Bundesligaaufstieg in der Saison 1989\/90.<\/p>\n<p align=\"JUSTIFY\">Welche Schlagzeile w\u00fcrdest Du gerne \u00fcber Dich in einer Zeitung lesen ?<\/p>\n<p align=\"JUSTIFY\">Theo Gries rettet Kind vorm Ertrinken.<\/p>\n<p align=\"JUSTIFY\">Wen oder was w\u00fcrdest Du mit auf eine einsame Insel mitnehmen ?<\/p>\n<p align=\"JUSTIFY\">Die Familie, ein Radio, Bier und B\u00fccher.<\/p>\n<p align=\"JUSTIFY\">Was bedeutet f\u00fcr Dich Gl\u00fcck ?<\/p>\n<p align=\"JUSTIFY\">Gesundheit in der Familie.<\/p>\n<p align=\"JUSTIFY\">Wovon tr\u00e4umst Du ?<\/p>\n<p align=\"JUSTIFY\">Da\u00df meine Familie und meine Freunde bis ins hohe Alter gesund bleiben.<\/p>\n<p align=\"JUSTIFY\">\u00dcber was kannst Du lachen ?<\/p>\n<p align=\"JUSTIFY\">\u00dcber Ironie und Sp\u00e4\u00dfe von Mitspielern.<\/p>\n<p align=\"JUSTIFY\">Was w\u00fcrdest Du gerne an Dir \u00e4ndern ?<\/p>\n<p align=\"JUSTIFY\">Meine Ungeduld<\/p>\n<p align=\"JUSTIFY\">Was bedeutet f\u00fcr Dich Popularit\u00e4t ?<\/p>\n<p align=\"JUSTIFY\">Sie ist meistens sch\u00f6n, aber manchmal kann sie zum Stre\u00df werden.<\/p>\n<p align=\"JUSTIFY\">Welchen Traumverein hast Du ?<\/p>\n<p align=\"JUSTIFY\">Den FC Bayern M\u00fcnchen<\/p>\n<p align=\"JUSTIFY\">Wie findest Du Berlin ?<\/p>\n<p align=\"JUSTIFY\">Mir gef\u00e4llt Berlin sehr gut, ich m\u00f6chte noch einige Zeit in Berlin bleiben, evtl. werde ich mir nach meiner Laufbahn hier eine Existenz aufbauen.<\/p>\n<p align=\"JUSTIFY\">Wie lautet die d\u00fcmmste Frage, die Dir je gestellt wurde ?<\/p>\n<p align=\"JUSTIFY\">Warum hast Du kein Tor geschossen?<\/p>\n<p align=\"JUSTIFY\">Du bist der &#8218;Liebling&#8216; der Fans, wie findest Du das ?<\/p>\n<p align=\"JUSTIFY\">Das finde ich ganz toll, durch die Theo-Sprechch\u00f6re bin ich auf dem Spielfeld v\u00f6llig motiviert.<\/p>\n<p align=\"JUSTIFY\">Ich bedanke mich f\u00fcr das Interview!<\/p>\n<p align=\"JUSTIFY\">Das habe ich doch gerne gemacht.<\/p>\n<p align=\"JUSTIFY\"><a href=\"http:\/\/www.haraldvoss.de\/hf\/1\/HF-5.html\">Der Hertha-Freund: Interview mit Theo Gries (haraldvoss.de)<\/a><\/p>\n<p align=\"JUSTIFY\">\n<p>&nbsp;<\/p>\n","protected":false},"excerpt":{"rendered":"<p>Views: 1733Im Laufe meiner aktiven Zeit als Sportler und Journalist h\u00e4uften sich in meinem Arbeitsraum zahlreiche Presseartikel von mir und \u00fcber mich an. Zur Zeit (Stand: Mai 2024) sind es \u00fcber 1300. Einige Interessante werde ich daher in unregelm\u00e4\u00dfigen Abst\u00e4nden &hellip; <a href=\"http:\/\/woiczik.de\/?page_id=1066\">Weiterlesen <span class=\"meta-nav\">&rarr;<\/span><\/a><\/p>\n","protected":false},"author":1,"featured_media":0,"parent":0,"menu_order":0,"comment_status":"open","ping_status":"open","template":"","meta":{"footnotes":""},"class_list":["post-1066","page","type-page","status-publish","hentry"],"_links":{"self":[{"href":"http:\/\/woiczik.de\/index.php?rest_route=\/wp\/v2\/pages\/1066"}],"collection":[{"href":"http:\/\/woiczik.de\/index.php?rest_route=\/wp\/v2\/pages"}],"about":[{"href":"http:\/\/woiczik.de\/index.php?rest_route=\/wp\/v2\/types\/page"}],"author":[{"embeddable":true,"href":"http:\/\/woiczik.de\/index.php?rest_route=\/wp\/v2\/users\/1"}],"replies":[{"embeddable":true,"href":"http:\/\/woiczik.de\/index.php?rest_route=%2Fwp%2Fv2%2Fcomments&post=1066"}],"version-history":[{"count":14,"href":"http:\/\/woiczik.de\/index.php?rest_route=\/wp\/v2\/pages\/1066\/revisions"}],"predecessor-version":[{"id":7159,"href":"http:\/\/woiczik.de\/index.php?rest_route=\/wp\/v2\/pages\/1066\/revisions\/7159"}],"wp:attachment":[{"href":"http:\/\/woiczik.de\/index.php?rest_route=%2Fwp%2Fv2%2Fmedia&parent=1066"}],"curies":[{"name":"wp","href":"https:\/\/api.w.org\/{rel}","templated":true}]}}